{"id":5528,"date":"2021-04-09T08:51:31","date_gmt":"2021-04-09T08:51:31","guid":{"rendered":"https:\/\/www.cantinachitarra.com\/vini-cuto\/nerello-mascalese\/"},"modified":"2021-04-09T08:51:31","modified_gmt":"2021-04-09T08:51:31","slug":"nerello-mascalese","status":"publish","type":"vini-cuto","link":"https:\/\/cantinachitarra.com\/fr\/vini-cuto\/nerello-mascalese\/","title":{"rendered":"Nerello Mascalese"},"content":{"rendered":"\t\t<div data-elementor-type=\"wp-post\" data-elementor-id=\"5528\" class=\"elementor elementor-5528 elementor-4768\" data-elementor-settings=\"[]\">\n\t\t\t\t\t\t<div class=\"elementor-inner\">\n\t\t\t\t\t\t\t<div class=\"elementor-section-wrap\">\n\t\t\t\t\t\t\t<section class=\"elementor-section elementor-top-section elementor-element elementor-element-326bffc elementor-section-height-min-height elementor-section-boxed elementor-section-height-default elementor-section-items-middle\" data-id=\"326bffc\" data-element_type=\"section\">\n\t\t\t\t\t\t<div class=\"elementor-container elementor-column-gap-default\">\n\t\t\t\t\t\t\t<div class=\"elementor-row\">\n\t\t\t\t\t<div class=\"elementor-column elementor-col-50 elementor-top-column elementor-element elementor-element-f2008e9\" data-id=\"f2008e9\" data-element_type=\"column\">\n\t\t\t<div class=\"elementor-column-wrap elementor-element-populated\">\n\t\t\t\t\t\t\t<div class=\"elementor-widget-wrap\">\n\t\t\t\t\t\t<div class=\"elementor-element elementor-element-f17abbc elementor-widget elementor-widget-theme-post-featured-image elementor-widget-image\" data-id=\"f17abbc\" data-element_type=\"widget\" data-widget_type=\"theme-post-featured-image.default\">\n\t\t\t\t<div class=\"elementor-widget-container\">\n\t\t\t\t\t<div class=\"elementor-image\">\n\t\t\t\t\t\t\t\t\t\t<img loading=\"lazy\" decoding=\"async\" width=\"441\" height=\"1601\" src=\"https:\/\/cantinachitarra.com\/wp-content\/uploads\/2021\/03\/prova-nerello-cuto.jpg\" class=\"attachment-full size-full\" alt=\"nerello mascalese\" srcset=\"https:\/\/cantinachitarra.com\/wp-content\/uploads\/2021\/03\/prova-nerello-cuto.jpg 441w, https:\/\/cantinachitarra.com\/wp-content\/uploads\/2021\/03\/prova-nerello-cuto-83x300.jpg 83w, https:\/\/cantinachitarra.com\/wp-content\/uploads\/2021\/03\/prova-nerello-cuto-282x1024.jpg 282w, https:\/\/cantinachitarra.com\/wp-content\/uploads\/2021\/03\/prova-nerello-cuto-423x1536.jpg 423w\" sizes=\"(max-width: 441px) 100vw, 441px\" \/>\t\t\t\t\t\t\t\t\t\t\t<\/div>\n\t\t\t\t<\/div>\n\t\t\t\t<\/div>\n\t\t\t\t\t\t<\/div>\n\t\t\t\t\t<\/div>\n\t\t<\/div>\n\t\t\t\t<div class=\"elementor-column elementor-col-50 elementor-top-column elementor-element elementor-element-55a1512\" data-id=\"55a1512\" data-element_type=\"column\">\n\t\t\t<div class=\"elementor-column-wrap elementor-element-populated\">\n\t\t\t\t\t\t\t<div class=\"elementor-widget-wrap\">\n\t\t\t\t\t\t<div class=\"elementor-element elementor-element-5111554 elementor-widget elementor-widget-heading\" data-id=\"5111554\" data-element_type=\"widget\" data-widget_type=\"heading.default\">\n\t\t\t\t<div class=\"elementor-widget-container\">\n\t\t\t<h1 class=\"elementor-heading-title elementor-size-default\">Nerello Mascalese<\/h1>\t\t<\/div>\n\t\t\t\t<\/div>\n\t\t\t\t<div class=\"elementor-element elementor-element-3ab2b82 elementor-widget elementor-widget-heading\" data-id=\"3ab2b82\" data-element_type=\"widget\" data-widget_type=\"heading.default\">\n\t\t\t\t<div class=\"elementor-widget-container\">\n\t\t\t<h2 class=\"elementor-heading-title elementor-size-default\"><span>Cut\u00f2<\/span><\/h2>\t\t<\/div>\n\t\t\t\t<\/div>\n\t\t\t\t<div class=\"elementor-element elementor-element-a4ab02d elementor-widget elementor-widget-text-editor\" data-id=\"a4ab02d\" data-element_type=\"widget\" data-widget_type=\"text-editor.default\">\n\t\t\t\t<div class=\"elementor-widget-container\">\n\t\t\t\t\t<div class=\"elementor-text-editor elementor-clearfix\"><p><span style=\"font-weight: 400;\"><strong>C\u00e9page:<\/strong> Nerello Mascalese<br \/>\n<\/span><span style=\"font-weight: 400;\"><strong>D\u00e9nomination:<\/strong> I.G.P. Terre Siciliane<br \/>\n<\/span><span style=\"font-weight: 400;\"><strong>Alcool:<\/strong> 13,50 %<br \/>\n<\/span><span style=\"font-weight: 400;\"><strong>Zone de\u00a0production:<\/strong> Communes de Marsala et Trapani Salemi<br \/>\n<\/span><span style=\"font-weight: 400;\"><strong>Territoire:<\/strong> altitude de 150 \u00e0 300 m d&rsquo; altitude, orographie principalement vallonn\u00e9e avec des sols de texture moyenne avec une bonne teneur en mati\u00e8re organique<br \/>\n<\/span><span style=\"font-weight: 400;\"><strong>Vignoble:<\/strong> contre formation d&rsquo;espalier avec taille Guyot; densit\u00e9 de plantes 3500\/4000 pieds par hectare avec des rendements de 70\/110 q. eux par hectare<br \/>\n<\/span><span style=\"font-weight: 400;\"><strong>Vinification:<\/strong> mac\u00e9ration avec les peaux 16-18 jours \u00e0 26\u00b0 C Rayonnage, stockage et maturation dans des cuves en b\u00e9ton<\/p>\n<p><\/span><strong>Notes de\u00a0d\u00e9gustation\u00a0<\/strong><\/p>\n<p><span style=\"font-weight: 400;\"><strong>Couleur:<\/strong>\u00a0Rouge\u00a0t\u00e9nu<br \/>\n<\/span><span style=\"font-weight: 400;\"><strong>Odeur: <\/strong>\u00e9quilibr\u00e9e, persistante avec des notes de fruits rouges frais<br \/>\n<\/span><span style=\"font-weight: 400;\"><strong>Go\u00fbt:<\/strong> doux, bien structur\u00e9<br \/>\n<\/span><span style=\"font-weight: 400;\"><strong>Long\u00e9vit\u00e9:<\/strong> 48 mois<br \/>\n<\/span><span style=\"font-weight: 400;\"><strong>Temp\u00e9rature de service:<\/strong> 12\/14\u00b0 C<br \/>\n<\/span><span style=\"font-weight: 400;\"><strong>Jumelage:<\/strong> se marie bien avec le\u00a0risotto, les\u00a0viandes rouges,\u00a0\u00e2g\u00e9s de\u00a0fromages<\/span><\/p>\n<\/div>\n\t\t\t\t<\/div>\n\t\t\t\t<\/div>\n\t\t\t\t\t\t<\/div>\n\t\t\t\t\t<\/div>\n\t\t<\/div>\n\t\t\t\t\t\t\t\t<\/div>\n\t\t\t\t\t<\/div>\n\t\t<\/section>\n\t\t\t\t\t\t<\/div>\n\t\t\t\t\t\t<\/div>\n\t\t\t\t\t<\/div>\n\t\t","protected":false},"excerpt":{"rendered":"<p>I.G.P Terre Siciliane<\/p>\n","protected":false},"author":1,"featured_media":5847,"menu_order":8,"comment_status":"closed","ping_status":"open","template":"","format":"standard","meta":{"footnotes":""},"categories":[87],"tags":[],"class_list":["post-5528","vini-cuto","type-vini-cuto","status-publish","format-standard","has-post-thumbnail","hentry","category-cuto"],"yoast_head":"<!-- This site is optimized with the Yoast SEO plugin v16.0.2 - https:\/\/yoast.com\/wordpress\/plugins\/seo\/ -->\n<title>Nerello Mascalese - Cantina Chitarra<\/title>\n<meta name=\"description\" content=\"Le Nerello Mascalese Cut\u00f2 est un vin \u00e0 l&#039;ar\u00f4me \u00e9quilibr\u00e9, persistant avec des notes de fruits rouges frais, au go\u00fbt doux, bien structur\u00e9.\" \/>\n<link rel=\"canonical\" href=\"https:\/\/cantinachitarra.com\/fr\/vini-cuto\/nerello-mascalese\/\" \/>\n<meta property=\"og:locale\" content=\"fr_FR\" \/>\n<meta property=\"og:type\" content=\"article\" \/>\n<meta property=\"og:title\" content=\"Nerello Mascalese - Cantina Chitarra\" \/>\n<meta property=\"og:description\" content=\"Le Nerello Mascalese Cut\u00f2 est un vin \u00e0 l&#039;ar\u00f4me \u00e9quilibr\u00e9, persistant avec des notes de fruits rouges frais, au go\u00fbt doux, bien structur\u00e9.\" \/>\n<meta property=\"og:url\" content=\"https:\/\/cantinachitarra.com\/fr\/vini-cuto\/nerello-mascalese\/\" \/>\n<meta property=\"og:site_name\" content=\"Cantina Chitarra\" \/>\n<meta property=\"og:image\" content=\"https:\/\/cantinachitarra.com\/wp-content\/uploads\/2021\/03\/nerello-cuto.jpg\" \/>\n\t<meta property=\"og:image:width\" content=\"441\" \/>\n\t<meta property=\"og:image:height\" content=\"1600\" \/>\n<meta name=\"twitter:card\" content=\"summary_large_image\" \/>\n<meta name=\"twitter:label1\" content=\"Dur\u00e9e de lecture est.\">\n\t<meta name=\"twitter:data1\" content=\"1 minute\">\n<script type=\"application\/ld+json\" class=\"yoast-schema-graph\">{\"@context\":\"https:\/\/schema.org\",\"@graph\":[{\"@type\":\"WebSite\",\"@id\":\"https:\/\/cantinachitarra.com\/#website\",\"url\":\"https:\/\/cantinachitarra.com\/\",\"name\":\"Cantina Chitarra\",\"description\":\"Azienda Vitivinicola Siciliana\",\"potentialAction\":[{\"@type\":\"SearchAction\",\"target\":\"https:\/\/cantinachitarra.com\/?s={search_term_string}\",\"query-input\":\"required name=search_term_string\"}],\"inLanguage\":\"fr-FR\"},{\"@type\":\"ImageObject\",\"@id\":\"https:\/\/cantinachitarra.com\/fr\/vini-cuto\/nerello-mascalese\/#primaryimage\",\"inLanguage\":\"fr-FR\",\"url\":\"https:\/\/cantinachitarra.com\/wp-content\/uploads\/2021\/03\/prova-nerello-cuto.jpg\",\"width\":441,\"height\":1601,\"caption\":\"nerello mascalese\"},{\"@type\":\"WebPage\",\"@id\":\"https:\/\/cantinachitarra.com\/fr\/vini-cuto\/nerello-mascalese\/#webpage\",\"url\":\"https:\/\/cantinachitarra.com\/fr\/vini-cuto\/nerello-mascalese\/\",\"name\":\"Nerello Mascalese - Cantina Chitarra\",\"isPartOf\":{\"@id\":\"https:\/\/cantinachitarra.com\/#website\"},\"primaryImageOfPage\":{\"@id\":\"https:\/\/cantinachitarra.com\/fr\/vini-cuto\/nerello-mascalese\/#primaryimage\"},\"datePublished\":\"2021-04-09T08:51:31+00:00\",\"dateModified\":\"2021-04-09T08:51:31+00:00\",\"description\":\"Le Nerello Mascalese Cut\\u00f2 est un vin \\u00e0 l'ar\\u00f4me \\u00e9quilibr\\u00e9, persistant avec des notes de fruits rouges frais, au go\\u00fbt doux, bien structur\\u00e9.\",\"breadcrumb\":{\"@id\":\"https:\/\/cantinachitarra.com\/fr\/vini-cuto\/nerello-mascalese\/#breadcrumb\"},\"inLanguage\":\"fr-FR\",\"potentialAction\":[{\"@type\":\"ReadAction\",\"target\":[\"https:\/\/cantinachitarra.com\/fr\/vini-cuto\/nerello-mascalese\/\"]}]},{\"@type\":\"BreadcrumbList\",\"@id\":\"https:\/\/cantinachitarra.com\/fr\/vini-cuto\/nerello-mascalese\/#breadcrumb\",\"itemListElement\":[{\"@type\":\"ListItem\",\"position\":1,\"item\":{\"@type\":\"WebPage\",\"@id\":\"https:\/\/cantinachitarra.com\/fr\/\",\"url\":\"https:\/\/cantinachitarra.com\/fr\/\",\"name\":\"Home\"}},{\"@type\":\"ListItem\",\"position\":2,\"item\":{\"@type\":\"WebPage\",\"@id\":\"https:\/\/cantinachitarra.com\/fr\/vini-cuto\/nerello-mascalese\/\",\"url\":\"https:\/\/cantinachitarra.com\/fr\/vini-cuto\/nerello-mascalese\/\",\"name\":\"Nerello Mascalese\"}}]}]}<\/script>\n<!-- \/ Yoast SEO plugin. -->","_links":{"self":[{"href":"https:\/\/cantinachitarra.com\/fr\/wp-json\/wp\/v2\/vini-cuto\/5528"}],"collection":[{"href":"https:\/\/cantinachitarra.com\/fr\/wp-json\/wp\/v2\/vini-cuto"}],"about":[{"href":"https:\/\/cantinachitarra.com\/fr\/wp-json\/wp\/v2\/types\/vini-cuto"}],"author":[{"embeddable":true,"href":"https:\/\/cantinachitarra.com\/fr\/wp-json\/wp\/v2\/users\/1"}],"replies":[{"embeddable":true,"href":"https:\/\/cantinachitarra.com\/fr\/wp-json\/wp\/v2\/comments?post=5528"}],"version-history":[{"count":1,"href":"https:\/\/cantinachitarra.com\/fr\/wp-json\/wp\/v2\/vini-cuto\/5528\/revisions"}],"predecessor-version":[{"id":5529,"href":"https:\/\/cantinachitarra.com\/fr\/wp-json\/wp\/v2\/vini-cuto\/5528\/revisions\/5529"}],"wp:featuredmedia":[{"embeddable":true,"href":"https:\/\/cantinachitarra.com\/fr\/wp-json\/wp\/v2\/media\/5847"}],"wp:attachment":[{"href":"https:\/\/cantinachitarra.com\/fr\/wp-json\/wp\/v2\/media?parent=5528"}],"wp:term":[{"taxonomy":"category","embeddable":true,"href":"https:\/\/cantinachitarra.com\/fr\/wp-json\/wp\/v2\/categories?post=5528"},{"taxonomy":"post_tag","embeddable":true,"href":"https:\/\/cantinachitarra.com\/fr\/wp-json\/wp\/v2\/tags?post=5528"}],"curies":[{"name":"wp","href":"https:\/\/api.w.org\/{rel}","templated":true}]}}