{"id":5530,"date":"2021-04-09T09:04:07","date_gmt":"2021-04-09T09:04:07","guid":{"rendered":"https:\/\/www.cantinachitarra.com\/vini-cuto\/nero-davola\/"},"modified":"2021-04-09T09:04:07","modified_gmt":"2021-04-09T09:04:07","slug":"nero-davola","status":"publish","type":"vini-cuto","link":"https:\/\/cantinachitarra.com\/fr\/vini-cuto\/nero-davola\/","title":{"rendered":"Nero D&rsquo;Avola"},"content":{"rendered":"\t\t<div data-elementor-type=\"wp-post\" data-elementor-id=\"5530\" class=\"elementor elementor-5530 elementor-4761\" data-elementor-settings=\"[]\">\n\t\t\t\t\t\t<div class=\"elementor-inner\">\n\t\t\t\t\t\t\t<div class=\"elementor-section-wrap\">\n\t\t\t\t\t\t\t<section class=\"elementor-section elementor-top-section elementor-element elementor-element-326bffc elementor-section-height-min-height elementor-section-boxed elementor-section-height-default elementor-section-items-middle\" data-id=\"326bffc\" data-element_type=\"section\">\n\t\t\t\t\t\t<div class=\"elementor-container elementor-column-gap-default\">\n\t\t\t\t\t\t\t<div class=\"elementor-row\">\n\t\t\t\t\t<div class=\"elementor-column elementor-col-50 elementor-top-column elementor-element elementor-element-f2008e9\" data-id=\"f2008e9\" data-element_type=\"column\">\n\t\t\t<div class=\"elementor-column-wrap elementor-element-populated\">\n\t\t\t\t\t\t\t<div class=\"elementor-widget-wrap\">\n\t\t\t\t\t\t<div class=\"elementor-element elementor-element-f17abbc elementor-widget elementor-widget-theme-post-featured-image elementor-widget-image\" data-id=\"f17abbc\" data-element_type=\"widget\" data-widget_type=\"theme-post-featured-image.default\">\n\t\t\t\t<div class=\"elementor-widget-container\">\n\t\t\t\t\t<div class=\"elementor-image\">\n\t\t\t\t\t\t\t\t\t\t<img loading=\"lazy\" decoding=\"async\" width=\"441\" height=\"1600\" src=\"https:\/\/cantinachitarra.com\/wp-content\/uploads\/2021\/03\/nero-davola-cuto.jpg\" class=\"attachment-full size-full\" alt=\"nero d&#039;avola cut\u00f2\" srcset=\"https:\/\/cantinachitarra.com\/wp-content\/uploads\/2021\/03\/nero-davola-cuto.jpg 441w, https:\/\/cantinachitarra.com\/wp-content\/uploads\/2021\/03\/nero-davola-cuto-83x300.jpg 83w, https:\/\/cantinachitarra.com\/wp-content\/uploads\/2021\/03\/nero-davola-cuto-282x1024.jpg 282w, https:\/\/cantinachitarra.com\/wp-content\/uploads\/2021\/03\/nero-davola-cuto-423x1536.jpg 423w\" sizes=\"(max-width: 441px) 100vw, 441px\" \/>\t\t\t\t\t\t\t\t\t\t\t<\/div>\n\t\t\t\t<\/div>\n\t\t\t\t<\/div>\n\t\t\t\t\t\t<\/div>\n\t\t\t\t\t<\/div>\n\t\t<\/div>\n\t\t\t\t<div class=\"elementor-column elementor-col-50 elementor-top-column elementor-element elementor-element-55a1512\" data-id=\"55a1512\" data-element_type=\"column\">\n\t\t\t<div class=\"elementor-column-wrap elementor-element-populated\">\n\t\t\t\t\t\t\t<div class=\"elementor-widget-wrap\">\n\t\t\t\t\t\t<div class=\"elementor-element elementor-element-5111554 elementor-widget elementor-widget-heading\" data-id=\"5111554\" data-element_type=\"widget\" data-widget_type=\"heading.default\">\n\t\t\t\t<div class=\"elementor-widget-container\">\n\t\t\t<h1 class=\"elementor-heading-title elementor-size-default\">Nero D&rsquo;Avola<\/h1>\t\t<\/div>\n\t\t\t\t<\/div>\n\t\t\t\t<div class=\"elementor-element elementor-element-802bd4b elementor-widget elementor-widget-heading\" data-id=\"802bd4b\" data-element_type=\"widget\" data-widget_type=\"heading.default\">\n\t\t\t\t<div class=\"elementor-widget-container\">\n\t\t\t<h2 class=\"elementor-heading-title elementor-size-default\"><span>Cut\u00f2<\/span><\/h2>\t\t<\/div>\n\t\t\t\t<\/div>\n\t\t\t\t<div class=\"elementor-element elementor-element-a4ab02d elementor-widget elementor-widget-text-editor\" data-id=\"a4ab02d\" data-element_type=\"widget\" data-widget_type=\"text-editor.default\">\n\t\t\t\t<div class=\"elementor-widget-container\">\n\t\t\t\t\t<div class=\"elementor-text-editor elementor-clearfix\"><p><span style=\"font-weight: 400;\"><strong>C\u00e9page:<\/strong> Nero D&rsquo;Avola<br \/>\n<\/span><span style=\"font-weight: 400;\"><strong>D\u00e9nomination:<\/strong> D.O.C. Sicilia<br \/>\n<\/span><span style=\"font-weight: 400;\"><strong>Alcool:<\/strong> 13,50 %<br \/>\n<\/span><span style=\"font-weight: 400;\"><strong>Zone de production: <\/strong>Communes de Marsala et Trapani Salemi<br \/>\n<\/span><span style=\"font-weight: 400;\"><strong>Territoire:<\/strong> altitude de 150 \u00e0 300 m d&rsquo; altitude, orographie principalement vallonn\u00e9e avec des sols de texture moyenne avec une bonne teneur en mati\u00e8re organique<br \/>\n<\/span><strong>Vignoble:<\/strong> contre formation d&rsquo;espalier avec taille Guyot; densit\u00e9 de plantes 3500\/4000 pieds par hectare avec des rendements de 70\/110 quintaux par hectare<br \/>\n<span style=\"font-weight: 400;\"><strong>Vinification:<\/strong> mac\u00e9ration avec les peaux 16-18 jours \u00e0 26\u00b0 C Rayonnage, stockage et maturation dans des cuves en b\u00e9ton<\/span><\/p>\n<p><strong>Notes de d\u00e9gustation<br \/>\n<\/strong><span style=\"font-weight: 400;\"><strong>Couleur: r<\/strong>ouge rubis intense aux reflets violets<br \/>\n<\/span><span style=\"font-weight: 400;\"><strong>Odeur:<\/strong> persistant avec des notes de fruits rouges: cerise<br \/>\n<\/span><span style=\"font-weight: 400;\"><strong>Go\u00fbt:<\/strong> \u00e9quilibr\u00e9, doux, bien structur\u00e9<br \/>\n<\/span><span style=\"font-weight: 400;\"><strong>Long\u00e9vit\u00e9:<\/strong> 48 mois<br \/>\n<\/span><span style=\"font-weight: 400;\"><strong>Temp\u00e9rature de service:<\/strong> 12\/14\u00b0 C<br \/>\n<\/span><span style=\"font-weight: 400;\"><strong>Accord:<\/strong> se marie bien avec le risotto, les viandes rouges, les fromages sal\u00e9s<\/span><\/p>\n<\/div>\n\t\t\t\t<\/div>\n\t\t\t\t<\/div>\n\t\t\t\t\t\t<\/div>\n\t\t\t\t\t<\/div>\n\t\t<\/div>\n\t\t\t\t\t\t\t\t<\/div>\n\t\t\t\t\t<\/div>\n\t\t<\/section>\n\t\t\t\t\t\t<\/div>\n\t\t\t\t\t\t<\/div>\n\t\t\t\t\t<\/div>\n\t\t","protected":false},"excerpt":{"rendered":"<p>D.O.C. Sicilia<\/p>\n","protected":false},"author":1,"featured_media":4767,"menu_order":9,"comment_status":"closed","ping_status":"open","template":"","format":"standard","meta":{"footnotes":""},"categories":[87],"tags":[],"class_list":["post-5530","vini-cuto","type-vini-cuto","status-publish","format-standard","has-post-thumbnail","hentry","category-cuto"],"yoast_head":"<!-- This site is optimized with the Yoast SEO plugin v16.0.2 - https:\/\/yoast.com\/wordpress\/plugins\/seo\/ -->\n<title>Nero D&#039;Avola - Cantina Chitarra<\/title>\n<meta name=\"description\" content=\"Le Nero D&#039;Avola Cut\u00f2 est un vin au parfum persistant avec des notes de fruits rouges, au go\u00fbt \u00e9quilibr\u00e9, doux et bien structur\u00e9.\" \/>\n<link rel=\"canonical\" href=\"https:\/\/cantinachitarra.com\/fr\/vini-cuto\/nero-davola\/\" \/>\n<meta property=\"og:locale\" content=\"fr_FR\" \/>\n<meta property=\"og:type\" content=\"article\" \/>\n<meta property=\"og:title\" content=\"Nero D&#039;Avola - Cantina Chitarra\" \/>\n<meta property=\"og:description\" content=\"Le Nero D&#039;Avola Cut\u00f2 est un vin au parfum persistant avec des notes de fruits rouges, au go\u00fbt \u00e9quilibr\u00e9, doux et bien structur\u00e9.\" \/>\n<meta property=\"og:url\" content=\"https:\/\/cantinachitarra.com\/fr\/vini-cuto\/nero-davola\/\" \/>\n<meta property=\"og:site_name\" content=\"Cantina Chitarra\" \/>\n<meta property=\"og:image\" content=\"https:\/\/cantinachitarra.com\/wp-content\/uploads\/2021\/03\/nero-davola-cuto.jpg\" \/>\n\t<meta property=\"og:image:width\" content=\"441\" \/>\n\t<meta property=\"og:image:height\" content=\"1600\" \/>\n<meta name=\"twitter:card\" content=\"summary_large_image\" \/>\n<meta name=\"twitter:label1\" content=\"Dur\u00e9e de lecture est.\">\n\t<meta name=\"twitter:data1\" content=\"1 minute\">\n<script type=\"application\/ld+json\" class=\"yoast-schema-graph\">{\"@context\":\"https:\/\/schema.org\",\"@graph\":[{\"@type\":\"WebSite\",\"@id\":\"https:\/\/cantinachitarra.com\/#website\",\"url\":\"https:\/\/cantinachitarra.com\/\",\"name\":\"Cantina Chitarra\",\"description\":\"Azienda Vitivinicola Siciliana\",\"potentialAction\":[{\"@type\":\"SearchAction\",\"target\":\"https:\/\/cantinachitarra.com\/?s={search_term_string}\",\"query-input\":\"required name=search_term_string\"}],\"inLanguage\":\"fr-FR\"},{\"@type\":\"ImageObject\",\"@id\":\"https:\/\/cantinachitarra.com\/fr\/vini-cuto\/nero-davola\/#primaryimage\",\"inLanguage\":\"fr-FR\",\"url\":\"https:\/\/cantinachitarra.com\/wp-content\/uploads\/2021\/03\/nero-davola-cuto.jpg\",\"width\":441,\"height\":1600,\"caption\":\"nero d'avola cut\\u00f2\"},{\"@type\":\"WebPage\",\"@id\":\"https:\/\/cantinachitarra.com\/fr\/vini-cuto\/nero-davola\/#webpage\",\"url\":\"https:\/\/cantinachitarra.com\/fr\/vini-cuto\/nero-davola\/\",\"name\":\"Nero D'Avola - Cantina Chitarra\",\"isPartOf\":{\"@id\":\"https:\/\/cantinachitarra.com\/#website\"},\"primaryImageOfPage\":{\"@id\":\"https:\/\/cantinachitarra.com\/fr\/vini-cuto\/nero-davola\/#primaryimage\"},\"datePublished\":\"2021-04-09T09:04:07+00:00\",\"dateModified\":\"2021-04-09T09:04:07+00:00\",\"description\":\"Le Nero D'Avola Cut\\u00f2 est un vin au parfum persistant avec des notes de fruits rouges, au go\\u00fbt \\u00e9quilibr\\u00e9, doux et bien structur\\u00e9.\",\"breadcrumb\":{\"@id\":\"https:\/\/cantinachitarra.com\/fr\/vini-cuto\/nero-davola\/#breadcrumb\"},\"inLanguage\":\"fr-FR\",\"potentialAction\":[{\"@type\":\"ReadAction\",\"target\":[\"https:\/\/cantinachitarra.com\/fr\/vini-cuto\/nero-davola\/\"]}]},{\"@type\":\"BreadcrumbList\",\"@id\":\"https:\/\/cantinachitarra.com\/fr\/vini-cuto\/nero-davola\/#breadcrumb\",\"itemListElement\":[{\"@type\":\"ListItem\",\"position\":1,\"item\":{\"@type\":\"WebPage\",\"@id\":\"https:\/\/cantinachitarra.com\/fr\/\",\"url\":\"https:\/\/cantinachitarra.com\/fr\/\",\"name\":\"Home\"}},{\"@type\":\"ListItem\",\"position\":2,\"item\":{\"@type\":\"WebPage\",\"@id\":\"https:\/\/cantinachitarra.com\/fr\/vini-cuto\/nero-davola\/\",\"url\":\"https:\/\/cantinachitarra.com\/fr\/vini-cuto\/nero-davola\/\",\"name\":\"Nero D&rsquo;Avola\"}}]}]}<\/script>\n<!-- \/ Yoast SEO plugin. -->","_links":{"self":[{"href":"https:\/\/cantinachitarra.com\/fr\/wp-json\/wp\/v2\/vini-cuto\/5530"}],"collection":[{"href":"https:\/\/cantinachitarra.com\/fr\/wp-json\/wp\/v2\/vini-cuto"}],"about":[{"href":"https:\/\/cantinachitarra.com\/fr\/wp-json\/wp\/v2\/types\/vini-cuto"}],"author":[{"embeddable":true,"href":"https:\/\/cantinachitarra.com\/fr\/wp-json\/wp\/v2\/users\/1"}],"replies":[{"embeddable":true,"href":"https:\/\/cantinachitarra.com\/fr\/wp-json\/wp\/v2\/comments?post=5530"}],"version-history":[{"count":1,"href":"https:\/\/cantinachitarra.com\/fr\/wp-json\/wp\/v2\/vini-cuto\/5530\/revisions"}],"predecessor-version":[{"id":5531,"href":"https:\/\/cantinachitarra.com\/fr\/wp-json\/wp\/v2\/vini-cuto\/5530\/revisions\/5531"}],"wp:featuredmedia":[{"embeddable":true,"href":"https:\/\/cantinachitarra.com\/fr\/wp-json\/wp\/v2\/media\/4767"}],"wp:attachment":[{"href":"https:\/\/cantinachitarra.com\/fr\/wp-json\/wp\/v2\/media?parent=5530"}],"wp:term":[{"taxonomy":"category","embeddable":true,"href":"https:\/\/cantinachitarra.com\/fr\/wp-json\/wp\/v2\/categories?post=5530"},{"taxonomy":"post_tag","embeddable":true,"href":"https:\/\/cantinachitarra.com\/fr\/wp-json\/wp\/v2\/tags?post=5530"}],"curies":[{"name":"wp","href":"https:\/\/api.w.org\/{rel}","templated":true}]}}